{"id":23409,"date":"2026-03-09T09:42:17","date_gmt":"2026-03-09T08:42:17","guid":{"rendered":"https:\/\/jakosc.uksw.edu.pl\/?page_id=23409"},"modified":"2026-03-09T10:04:04","modified_gmt":"2026-03-09T09:04:04","slug":"mentorzy-dydaktyczni-2025-2026","status":"publish","type":"page","link":"https:\/\/jakosc.uksw.edu.pl\/jakosc-ksztalcenia\/mentorzy-dydaktyczni\/mentorzy-dydaktyczni-2025-2026\/","title":{"rendered":"Mentorzy dydaktyczni 2025\/2026"},"content":{"rendered":"\n<p><\/p>\n\n\n\n<h3 class=\"wp-block-heading\"><strong>Zgodnie z Decyzj\u0105 Nr 15\/2025 Prorektora ds. Studenckich i Kszta\u0142cenia Uniwersytetu Kardyna\u0142a Stefana Wyszy\u0144skiego w Warszawie z dnia 23 wrze\u015bnia 2025 r. w sprawie zasad doskonalenia umiej\u0119tno\u015bci dydaktycznych nauczycieli akademickich zatrudnionych w Uniwersytecie Kardyna\u0142a Stefana Wyszy\u0144skiego w Warszawie, w roku akademickim 2025\/2026 powo\u0142ano nast\u0119puj\u0105cych mentor\u00f3w dydaktycznych:<\/strong><\/h3>\n\n\n\n<p><\/p>\n\n\n\n<h4 class=\"wp-block-heading\"><strong>Wydzia\u0142 Filozofii Chrze\u015bcija\u0144skiej <\/strong><\/h4>\n\n\n\n<p>Decyzja nr 8\/2025-2026 Dziekana Wydzia\u0142u Filozofii Chrze\u015bcija\u0144skiej UKSW z dnia 01.10.2025 r. w sprawie wyznaczenia mentora dydaktycznego dla nowo zatrudnionego pracownika<\/p>\n\n\n\n<div class=\"wp-block-columns\">\n<div class=\"wp-block-column\" style=\"flex-basis:100%\">\n<figure class=\"wp-block-table\"><table class=\"has-fixed-layout\"><tbody><tr><td><strong>Mentor dydaktyczny<\/strong><\/td><td><strong>Nauczyciel akademicki, kt\u00f3remu przyznano mentora dydaktycznego <\/strong><\/td><\/tr><tr><td>Krasymira Makulec<\/td><td>Dawid Kozacki<\/td><\/tr><tr><td>Anna Matuszewska<\/td><td>Marlena Owczuk<\/td><\/tr><\/tbody><\/table><\/figure>\n<\/div>\n<\/div>\n\n\n\n<h4 class=\"wp-block-heading\"><strong>Wydzia\u0142 Medyczny. Collegium Medicum<\/strong><\/h4>\n\n\n\n<p>Decyzja nr 2\/2026 Dziekana Wydzia\u0142u Medycznego. Collegium Medicum UKSW z dnia 5.02.2026 r. w sprawie wyznaczenia mentora dydaktycznego dla nowo zatrudnionego pracownika<\/p>\n\n\n\n<figure class=\"wp-block-table\"><table class=\"has-fixed-layout\"><tbody><tr><td><strong>Mentor dydaktyczny<\/strong><\/td><td><strong>Nauczyciel akademicki, kt\u00f3remu przyznano mentora dydaktycznego <\/strong><\/td><\/tr><tr><td>Anna Antosik-W\u00f3jci\u0144ska<\/td><td>Wojciech Lubi\u0144ski<\/td><\/tr><tr><td>Beata Che\u0142stowska<\/td><td>Maciej Niedba\u0142a<\/td><\/tr><tr><td>Gra\u017cyna Cholewi\u0144ska-Szyma\u0144ska<\/td><td>Antoni Platowski<\/td><\/tr><tr><td>Gra\u017cyna Cholewi\u0144ska-Szyma\u0144ska<\/td><td>Kinga Szcz\u0119sna<\/td><\/tr><tr><td>Adam Kobayashi<\/td><td>Marta Smoter<\/td><\/tr><tr><td>Adam Kobayashi<\/td><td>Tomasz Borkowski<\/td><\/tr><tr><td>Adam Kobayashi<\/td><td>Pawe\u0142 Walasek<\/td><\/tr><tr><td>Rados\u0142aw Kowalewski<\/td><td>Jacek Dudzik<\/td><\/tr><tr><td>Rados\u0142aw Kowalewski<\/td><td>Leszek Oklesi\u0144ski<\/td><\/tr><tr><td>Anna Mierzejewska<\/td><td>Aneta G\u00f3rska-Kot<\/td><\/tr><tr><td>Anna R\u00f3\u017ca\u0144ska-Wal\u0119dziak<\/td><td>Paulina Teodorczyk<\/td><\/tr><tr><td>Anna R\u00f3\u017ca\u0144ska-Wal\u0119dziak<\/td><td>Adrian Stankiewicz<\/td><\/tr><tr><td>Monika Sadowska<\/td><td>Mateusz Ordon<\/td><\/tr><tr><td>Monika Sadowska<\/td><td>Piotr Milerski<\/td><\/tr><tr><td>Monika Sadowska<\/td><td>Piotr Olender<\/td><\/tr><tr><td>Monika Sadowska<\/td><td>Krzysztof Przybysz<\/td><\/tr><tr><td>Monika Sadowska<\/td><td>Aleksander P\u0105czkowski<\/td><\/tr><tr><td>Rus\u0142an Sa\u0142amatin<\/td><td>Anna Olszewska<\/td><\/tr><\/tbody><\/table><\/figure>\n\n\n\n<p><\/p>\n\n\n\n<h4 class=\"wp-block-heading\"><strong>Wydzia\u0142 Matematyczno-Przyrodniczy. Szko\u0142a Nauk \u015acis\u0142ych<\/strong><\/h4>\n\n\n\n<p>Decyzja Nr 25\/2025 Dziekana Wydzia\u0142u Matematyczno-Przyrodnicznego. Szko\u0142y Nauk \u015acis\u0142ych MP.SN\u015a z dnia 28.10.2025 r. w sprawie wyznaczenia mentora dydaktycznego dla nowo zatrudnionego pracownika<\/p>\n\n\n\n<figure class=\"wp-block-table\"><table class=\"has-fixed-layout\"><tbody><tr><td><strong>Mentor dydaktyczny<\/strong><\/td><td><strong>Nauczyciel akademicki, kt\u00f3remu przyznano mentora dydaktycznego<\/strong><\/td><\/tr><tr><td>Maria Suwi\u0144ska<\/td><td>Maria Ksi\u0105\u017ckiewicz<\/td><\/tr><\/tbody><\/table><\/figure>\n\n\n\n<p><\/p>\n\n\n\n<h4 class=\"wp-block-heading\"><strong>Wydzia\u0142 Nauk Pedagogicznych<\/strong><\/h4>\n\n\n\n<p>Decyzja Nr 4\/2025\/2026 Dziekana Wydzia\u0142u Nauk Pedagogicznych UKSW z dnia 1.10.2025 r. w sprawie wyznaczenia mentora dydaktycznego dla nowo zatrudnionego pracownika<\/p>\n\n\n\n<figure class=\"wp-block-table\"><table class=\"has-fixed-layout\"><tbody><tr><td><strong>Mentor dydaktyczny<\/strong><\/td><td><strong>Nauczyciel akademicki, kt\u00f3remu przyznano mentora dydaktycznego<\/strong><\/td><\/tr><tr><td>Ewa Kulawska<\/td><td>Anna Matecka<\/td><\/tr><tr><td>Izabela G\u0105tarek<\/td><td>Agnieszka Ziemba<\/td><\/tr><\/tbody><\/table><\/figure>\n\n\n\n<p><\/p>\n\n\n\n<h4 class=\"wp-block-heading\"><strong>Wydzia\u0142 Prawa Kanonicznego <\/strong><\/h4>\n\n\n\n<p>Decyzja Nr 31\/2025 Dziekana Wydzia\u0142u Prawa Kanonicznego UKSW z dnia 13.11.2025 r. w sprawie wyznaczenia mentora dydaktycznego dla nowo zatrudnionego pracownika<\/p>\n\n\n\n<figure class=\"wp-block-table\"><table class=\"has-fixed-layout\"><tbody><tr><td><strong>Mentor dydaktyczny<\/strong><\/td><td><strong>Nauczyciel akademicki, kt\u00f3remu przyznano mentora dydaktycznego<\/strong><\/td><\/tr><tr><td>Mariola Pirek<\/td><td>Marek Saj<\/td><\/tr><\/tbody><\/table><\/figure>\n","protected":false},"excerpt":{"rendered":"<p>Zgodnie z Decyzj\u0105 Nr 15\/2025 Prorektora ds. Studenckich i Kszta\u0142cenia Uniwersytetu Kardyna\u0142a Stefana Wyszy\u0144skiego w Warszawie z dnia 23 wrze\u015bnia 2025 r. w sprawie zasad doskonalenia umiej\u0119tno\u015bci dydaktycznych nauczycieli akademickich zatrudnionych w Uniwersytecie Kardyna\u0142a Stefana Wyszy\u0144skiego w Warszawie, w roku akademickim 2025\/2026 powo\u0142ano nast\u0119puj\u0105cych mentor\u00f3w dydaktycznych: Wydzia\u0142 Filozofii Chrze\u015bcija\u0144skiej Decyzja nr 8\/2025-2026 Dziekana Wydzia\u0142u Filozofii [&hellip;]<\/p>\n","protected":false},"author":630,"featured_media":0,"parent":23400,"menu_order":0,"comment_status":"closed","ping_status":"closed","template":"page-templates\/template-sub-page.php","meta":{"_acf_changed":false,"inline_featured_image":false,"footnotes":"","_links_to":"","_links_to_target":""},"class_list":["post-23409","page","type-page","status-publish","hentry"],"acf":[],"_links":{"self":[{"href":"https:\/\/jakosc.uksw.edu.pl\/pl\/wp-json\/wp\/v2\/pages\/23409","targetHints":{"allow":["GET"]}}],"collection":[{"href":"https:\/\/jakosc.uksw.edu.pl\/pl\/wp-json\/wp\/v2\/pages"}],"about":[{"href":"https:\/\/jakosc.uksw.edu.pl\/pl\/wp-json\/wp\/v2\/types\/page"}],"author":[{"embeddable":true,"href":"https:\/\/jakosc.uksw.edu.pl\/pl\/wp-json\/wp\/v2\/users\/630"}],"replies":[{"embeddable":true,"href":"https:\/\/jakosc.uksw.edu.pl\/pl\/wp-json\/wp\/v2\/comments?post=23409"}],"version-history":[{"count":4,"href":"https:\/\/jakosc.uksw.edu.pl\/pl\/wp-json\/wp\/v2\/pages\/23409\/revisions"}],"predecessor-version":[{"id":23414,"href":"https:\/\/jakosc.uksw.edu.pl\/pl\/wp-json\/wp\/v2\/pages\/23409\/revisions\/23414"}],"up":[{"embeddable":true,"href":"https:\/\/jakosc.uksw.edu.pl\/pl\/wp-json\/wp\/v2\/pages\/23400"}],"wp:attachment":[{"href":"https:\/\/jakosc.uksw.edu.pl\/pl\/wp-json\/wp\/v2\/media?parent=23409"}],"curies":[{"name":"wp","href":"https:\/\/api.w.org\/{rel}","templated":true}]}}